{"id":13,"date":"2020-03-23T14:53:33","date_gmt":"2020-03-23T13:53:33","guid":{"rendered":"https:\/\/aesthetikzentrum-gelsenkirchen.de\/?page_id=13"},"modified":"2023-02-02T17:49:39","modified_gmt":"2023-02-02T16:49:39","slug":"uber-uns","status":"publish","type":"page","link":"https:\/\/aesthetikzentrum-gelsenkirchen.de\/?page_id=13","title":{"rendered":"\u00dcber uns"},"content":{"rendered":"<h1>Unser<br \/><span class=\"uk-heading-divider uk-display-inline-block\">Derma&shy;zentrum<\/span><\/h1>\n<div>\n<p>        <img decoding=\"async\" src=\"\/NEU\/wp-content\/uploads\/2023\/02\/jost-rietkoetter-dermatologe-gelsenkirchen.jpg\" alt=\"Jost Rietk\u00f6tter Dermatologe Gelsenkirchen\"><\/p>\n<h3>Jost Rietk\u00f6tter<\/h3>\n<\/div>\n<ul>\n<li>\n<div>Studium der Humanmedizin an der Philipps-Universit\u00e4t in Marburg und an der Universit\u00e4t zu K\u00f6ln<\/div>\n<\/li>\n<li>\n<div>Abschluss des Studiums der Humanmedizin 2003<\/div>\n<\/li>\n<li>\n<div>2003-2007 in der Universit\u00e4tshautklinik Essen<\/div>\n<\/li>\n<li>\n<div>2007-2008 als angestellter Arzt in der Hautarztpraxis Dr. med. Rietk\u00f6tter in Gelsenkirchen<\/div>\n<\/li>\n<li>\n<div>Seit 2008 Facharzt f\u00fcr Haut- und Geschlechtskrankheiten<\/div>\n<\/li>\n<li>\n<div>2008-2011 als Partner in der Hautarztpraxis Dr. med. Rietk\u00f6tter in Gelsenkirchen<\/div>\n<\/li>\n<li>\n<div>2011 Praxismitinhaber nach Gr\u00fcndung der \u00fcber\u00f6rtlichen Gemeinschaftspraxis Rietk\u00f6tter &#038; Teichmann in Gelsenkirchen<\/div>\n<\/li>\n<li>\n<div>Seit 02\/2020 Praxismitinhaber der Gemeinschaftspraxis Rietk\u00f6tter &#038; Jablonka in Gelsenkirchen<\/div>\n<\/li>\n<\/ul>\n<h3>Mitgliedschaften:<\/h3>\n<ul>\n<li>\n<div>BVDD (Berufsverband der Deutschen Dermatologen)<\/div>\n<\/li>\n<li>\n<div>DDG (Deutsche Dermatologische Gesellschaft)<\/div>\n<\/li>\n<li>\n<div>DGDC (Deutsche Gesellschaft f\u00fcr Dermato-Chirurgie)<\/div>\n<\/li>\n<\/ul>\n<div>\n<p>        <img decoding=\"async\" src=\"\/NEU\/wp-content\/uploads\/2023\/02\/robert-jablonka-dermatologe-gelsenkirchen.jpg\" alt=\"Robert Jablonka Dermatologe Gelsenkirchen\"><\/p>\n<h3>Robert Jablonka<\/h3>\n<\/div>\n<ul>\n<li>\n<div>Studium der Humanmedizin an der Georgia-Augusta-Universit\u00e4t in G\u00f6ttingen<\/div>\n<\/li>\n<li>\n<div>Abschluss des Studiums der Humanmedizin 2000<\/div>\n<\/li>\n<li>\n<div>2000-2019 in der Universit\u00e4tshautklinik Essen<\/div>\n<\/li>\n<li>\n<div>Seit 2006 Facharzt f\u00fcr Haut- und Geschlechtskrankheiten<\/div>\n<\/li>\n<li>\n<div>2019-2020 als angestellter Facharzt in der \u00fcber\u00f6rtlichen Gemeinschaftspraxis Rietk\u00f6tter &#038; Teichmann in Gelsenkirchen<\/div>\n<\/li>\n<li>\n<div>Seit 02\/2020 Praxismitinhaber der Gemeinschaftspraxis Rietk\u00f6tter &#038; Jablonka in Gelsenkirchen<\/div>\n<\/li>\n<\/ul>\n<h3>Mitgliedschaften:<\/h3>\n<ul>\n<li>\n<div>BVDD (Berufsverband der Deutschen Dermatologen)<\/div>\n<\/li>\n<li>\n<div>DDG (Deutsche Dermatologische Gesellschaft)<\/div>\n<\/li>\n<li>\n<div>DGSTI (Deutsche STI Gesellschaft)<\/div>\n<\/li>\n<li>\n<div>DAGN\u00c4 (Deutsche Arbeitsgemeinschaft f\u00fcr niedergelassene \u00c4rzte in der Versorgung HIV-Infizierter e.V.)<\/div>\n<\/li>\n<li>\n<div>DGI (Deutsche Gesellschaft f\u00fcr Infektiologie e.V.)<\/div>\n<\/li>\n<\/ul>\n<h2>Ihre Haut ist bei uns in den besten H\u00e4nden<\/h2>\n<ul>\n<li>\n<h3>Freundliche und professionelle Behandlung<\/h3>\n<div>Die Zufriedenheit unserer Patienten ist f\u00fcr uns das Wichtigste \u00fcberhaupt. Unser \u00c4rzteteam steht Ihnen deshalb immer mit maximaler Diskretion und h\u00f6chster Professionalit\u00e4t zur Seite.<\/div>\n<\/li>\n<li>\n<h3>Modernste dermatologische Behandlungsmethoden<\/h3>\n<div>Bei unserem umfassenden Spektrum der Dermatologie, Allergologie und \u00e4sthetischer Medizin nutzt unser Dermazentrum immer die neusten Untersuchungsverfahren und Therapiem\u00f6glichkeiten.<\/div>\n<\/li>\n<li>\n<h3>Praxis mit eigener Operationsr\u00e4umen<\/h3>\n<div>In unserer modernen und gro\u00dfz\u00fcgigen OP-R\u00e4umen k\u00f6nnen wir s\u00e4mtliche stationsersetzende operative Eingriffe selbst durchf\u00fchren. Dadurch k\u00f6nnen sich unsere Patienten nach der OP zuhause erholen.<\/div>\n<\/li>\n<li>\n<h3>Unser eigenes <br \/>Kosmetikstudio<\/h3>\n<div>Zur Unterst\u00fctzung bei Hautproblemen und Verbesserung des Hautbildes bieten wir Ihnen auch kosmetische Behandlungsma\u00dfnahmen im nahliegenden Kosmetikstudio <a href=\"https:\/\/www.rietkoetter-cosmeticals.de\/\">Rietk\u00f6tter Cosmeticals<\/a> an.<\/div>\n<\/li>\n<\/ul>\n<h1>Wie k\u00f6nnen wir Ihnen helfen?<\/h1>\n<h3>Wir bieten Ihnen ein breites Leistungsspektrum.<\/h3>\n<p>\n    <a href=\"https:\/\/www.doctolib.de\/gemeinschaftspraxis\/gelsenkirchen\/ueberoertliche-gemeinschaftspraxis-jost-kai-rietkoetter-robert-jablonka\">Terminbuchung<\/a>\n<\/p>\n<p><!--more--><br \/>\n<!-- {\"name\":\"About Us\",\"type\":\"layout\",\"children\":[{\"name\":\"Headline\",\"type\":\"section\",\"props\":{\"class\":\"\",\"id\":\"services\",\"image_position\":\"center-center\",\"padding_remove_bottom\":true,\"padding_remove_top\":false,\"style\":\"default\",\"title_breakpoint\":\"xl\",\"title_position\":\"top-left\",\"title_rotation\":\"left\",\"vertical_align\":\"\",\"width\":\"default\"},\"children\":[{\"name\":\"\",\"type\":\"row\",\"children\":[{\"name\":\"\",\"type\":\"column\",\"props\":{\"image_position\":\"center-center\",\"media_overlay_gradient\":\"\",\"position_sticky_breakpoint\":\"m\",\"width_medium\":\"1-1\"},\"children\":[{\"name\":\"\",\"type\":\"headline\",\"props\":{\"animation\":\"parallax\",\"block_align\":\"center\",\"content\":\"Unser<br \/><span class=\\\"uk-heading-divider uk-display-inline-block\\\">Derma&shy;zentrum<\\\/span>\",\"margin\":\"large\",\"parallax_breakpoint\":\"m\",\"parallax_easing\":\"1\",\"parallax_y\":\"0,-100\",\"text_align\":\"center\",\"title_element\":\"h1\",\"title_style\":\"heading-medium\"}}]}]}]},{\"type\":\"section\",\"props\":{\"image_position\":\"center-center\",\"style\":\"default\",\"title_breakpoint\":\"xl\",\"title_position\":\"top-left\",\"title_rotation\":\"left\",\"vertical_align\":\"middle\",\"width\":\"default\"},\"children\":[{\"type\":\"row\",\"props\":{\"layout\":\"1-2,1-2\"},\"children\":[{\"type\":\"column\",\"props\":{\"image_position\":\"center-center\",\"media_overlay_gradient\":\"\",\"position_sticky_breakpoint\":\"m\",\"width_medium\":\"1-2\"},\"children\":[{\"type\":\"panel\",\"props\":{\"content_column_breakpoint\":\"m\",\"icon_width\":80,\"image\":\"wp-content\\\/uploads\\\/2023\\\/02\\\/jost-rietkoetter-dermatologe-gelsenkirchen.jpg\",\"image_align\":\"top\",\"image_alt\":\"Jost Rietk\\u00f6tter Dermatologe Gelsenkirchen\",\"image_grid_breakpoint\":\"m\",\"image_grid_width\":\"1-2\",\"image_svg_color\":\"emphasis\",\"image_width\":\"500\",\"link_style\":\"default\",\"link_text\":\"Read more\",\"margin\":\"default\",\"meta_align\":\"below-title\",\"meta_element\":\"div\",\"meta_style\":\"text-meta\",\"text_align\":\"center\",\"title\":\"Jost Rietk\\u00f6tter\",\"title_align\":\"top\",\"title_element\":\"h3\",\"title_grid_breakpoint\":\"m\",\"title_grid_width\":\"1-2\",\"title_hover_style\":\"reset\"}},{\"type\":\"list\",\"props\":{\"column_breakpoint\":\"m\",\"image_align\":\"left\",\"image_svg_color\":\"emphasis\",\"image_vertical_align\":true,\"list_element\":\"ul\",\"list_horizontal_separator\":\", \",\"list_marker\":\"disc\",\"list_type\":\"vertical\",\"show_image\":false,\"show_link\":false,\"text_align\":\"left\"},\"children\":[{\"type\":\"list_item\",\"props\":{\"content\":\"Studium der Humanmedizin an der Philipps-Universit\\u00e4t in Marburg und an der Universit\\u00e4t zu K\\u00f6ln\"}},{\"type\":\"list_item\",\"props\":{\"content\":\"Abschluss des Studiums der Humanmedizin 2003\"}},{\"type\":\"list_item\",\"props\":{\"content\":\"2003-2007 in der Universit\\u00e4tshautklinik Essen\"}},{\"type\":\"list_item\",\"props\":{\"content\":\"2007-2008 als angestellter Arzt in der Hautarztpraxis Dr. med. Rietk\\u00f6tter in Gelsenkirchen\"}},{\"type\":\"list_item\",\"props\":{\"content\":\"Seit 2008 Facharzt f\\u00fcr Haut- und Geschlechtskrankheiten\"}},{\"type\":\"list_item\",\"props\":{\"content\":\"2008-2011 als Partner in der Hautarztpraxis Dr. med. Rietk\\u00f6tter in Gelsenkirchen\"}},{\"type\":\"list_item\",\"props\":{\"content\":\"2011 Praxismitinhaber nach Gr\\u00fcndung der \\u00fcber\\u00f6rtlichen Gemeinschaftspraxis Rietk\\u00f6tter & Teichmann in Gelsenkirchen\"}},{\"type\":\"list_item\",\"props\":{\"content\":\"Seit 02\\\/2020 Praxismitinhaber der Gemeinschaftspraxis Rietk\\u00f6tter & Jablonka in Gelsenkirchen\"}}]},{\"type\":\"headline\",\"props\":{\"content\":\"Mitgliedschaften:\",\"title_element\":\"h3\"}},{\"type\":\"list\",\"props\":{\"column_breakpoint\":\"m\",\"image_align\":\"left\",\"image_svg_color\":\"emphasis\",\"image_vertical_align\":true,\"list_element\":\"ul\",\"list_horizontal_separator\":\", \",\"list_marker\":\"disc\",\"list_type\":\"vertical\",\"show_image\":true,\"show_link\":true},\"children\":[{\"type\":\"list_item\",\"props\":{\"content\":\"BVDD (Berufsverband der Deutschen Dermatologen)\"}},{\"type\":\"list_item\",\"props\":{\"content\":\"DDG (Deutsche Dermatologische Gesellschaft)\"}},{\"type\":\"list_item\",\"props\":{\"content\":\"DGDC (Deutsche Gesellschaft f\\u00fcr Dermato-Chirurgie)\"}}]}]},{\"type\":\"column\",\"props\":{\"image_position\":\"center-center\",\"media_overlay_gradient\":\"\",\"position_sticky_breakpoint\":\"m\",\"width_medium\":\"1-2\"},\"children\":[{\"type\":\"panel\",\"props\":{\"content_column_breakpoint\":\"m\",\"icon_width\":80,\"image\":\"wp-content\\\/uploads\\\/2023\\\/02\\\/robert-jablonka-dermatologe-gelsenkirchen.jpg\",\"image_align\":\"top\",\"image_alt\":\"Robert Jablonka Dermatologe Gelsenkirchen\",\"image_grid_breakpoint\":\"m\",\"image_grid_width\":\"1-2\",\"image_svg_color\":\"emphasis\",\"image_width\":\"500\",\"link_style\":\"default\",\"link_text\":\"Read more\",\"margin\":\"default\",\"meta_align\":\"below-title\",\"meta_element\":\"div\",\"meta_style\":\"text-meta\",\"text_align\":\"center\",\"title\":\"Robert Jablonka\",\"title_align\":\"top\",\"title_element\":\"h3\",\"title_grid_breakpoint\":\"m\",\"title_grid_width\":\"1-2\",\"title_hover_style\":\"reset\"}},{\"type\":\"list\",\"props\":{\"column_breakpoint\":\"m\",\"image_align\":\"left\",\"image_svg_color\":\"emphasis\",\"image_vertical_align\":true,\"list_element\":\"ul\",\"list_horizontal_separator\":\", \",\"list_marker\":\"disc\",\"list_type\":\"vertical\",\"show_image\":true,\"show_link\":true},\"children\":[{\"type\":\"list_item\",\"props\":{\"content\":\"Studium der Humanmedizin an der Georgia-Augusta-Universit\\u00e4t in G\\u00f6ttingen\"}},{\"type\":\"list_item\",\"props\":{\"content\":\"Abschluss des Studiums der Humanmedizin 2000\"}},{\"type\":\"list_item\",\"props\":{\"content\":\"2000-2019 in der Universit\\u00e4tshautklinik Essen\"}},{\"type\":\"list_item\",\"props\":{\"content\":\"Seit 2006 Facharzt f\\u00fcr Haut- und Geschlechtskrankheiten\"}},{\"type\":\"list_item\",\"props\":{\"content\":\"2019-2020 als angestellter Facharzt in der \\u00fcber\\u00f6rtlichen Gemeinschaftspraxis Rietk\\u00f6tter & Teichmann in Gelsenkirchen\"}},{\"type\":\"list_item\",\"props\":{\"content\":\"Seit 02\\\/2020 Praxismitinhaber der Gemeinschaftspraxis Rietk\\u00f6tter & Jablonka in Gelsenkirchen\"}}]},{\"type\":\"headline\",\"props\":{\"content\":\"Mitgliedschaften:\",\"title_element\":\"h3\"}},{\"type\":\"list\",\"props\":{\"column_breakpoint\":\"m\",\"image_align\":\"left\",\"image_svg_color\":\"emphasis\",\"image_vertical_align\":true,\"list_element\":\"ul\",\"list_horizontal_separator\":\", \",\"list_marker\":\"disc\",\"list_type\":\"vertical\",\"show_image\":true,\"show_link\":true},\"children\":[{\"type\":\"list_item\",\"props\":{\"content\":\"BVDD (Berufsverband der Deutschen Dermatologen)\"}},{\"type\":\"list_item\",\"props\":{\"content\":\"DDG (Deutsche Dermatologische Gesellschaft)\"}},{\"type\":\"list_item\",\"props\":{\"content\":\"DGSTI (Deutsche STI Gesellschaft)\"}},{\"type\":\"list_item\",\"props\":{\"content\":\"DAGN\\u00c4 (Deutsche Arbeitsgemeinschaft f\\u00fcr niedergelassene \\u00c4rzte in der Versorgung HIV-Infizierter e.V.)\"}},{\"type\":\"list_item\",\"props\":{\"content\":\"DGI (Deutsche Gesellschaft f\\u00fcr Infektiologie e.V.)\"}}]}]}]}]},{\"name\":\"Trenner Desktop\",\"type\":\"section\",\"props\":{\"class\":\"uk-visible@m\",\"height\":\"full\",\"image\":\"wp-content\\\/uploads\\\/2023\\\/02\\\/dermatologe-gelsenkirchen-team.jpg\",\"image_position\":\"center-center\",\"image_size\":\"width-1-1\",\"image_width\":\"2560\",\"padding\":\"xlarge\",\"style\":\"default\",\"text_color\":\"light\",\"title_breakpoint\":\"xl\",\"title_position\":\"top-left\",\"title_rotation\":\"left\",\"vertical_align\":\"middle\",\"width\":\"large\"},\"children\":[{\"name\":\"\",\"type\":\"row\",\"children\":[{\"name\":\"\",\"type\":\"column\",\"props\":{\"image_position\":\"center-center\",\"media_overlay_gradient\":\"\",\"position_sticky_breakpoint\":\"m\",\"width_medium\":\"1-1\"},\"children\":[]}]}]},{\"type\":\"section\",\"props\":{\"image_position\":\"center-center\",\"padding_remove_top\":false,\"style\":\"default\",\"title_breakpoint\":\"xl\",\"title_position\":\"top-left\",\"title_rotation\":\"left\",\"vertical_align\":\"middle\",\"width\":\"expand\"},\"children\":[{\"type\":\"row\",\"children\":[{\"type\":\"column\",\"props\":{\"image_position\":\"center-center\",\"media_overlay_gradient\":\"\",\"position_sticky_breakpoint\":\"m\",\"width_medium\":\"1-3\"},\"children\":[{\"type\":\"headline\",\"props\":{\"content\":\"Ihre Haut ist bei uns in den besten H\\u00e4nden\",\"margin\":\"remove-vertical\",\"text_align\":\"left\",\"text_align_breakpoint\":\"m\",\"text_align_fallback\":\"center\",\"title_color\":\"emphasis\",\"title_element\":\"h2\"}}]},{\"type\":\"column\",\"props\":{\"image_position\":\"center-center\",\"media_overlay_gradient\":\"\",\"position_sticky_breakpoint\":\"m\",\"width_medium\":\"2-3\"},\"children\":[{\"type\":\"grid\",\"props\":{\"content_column_breakpoint\":\"m\",\"filter_align\":\"left\",\"filter_all\":true,\"filter_grid_breakpoint\":\"m\",\"filter_grid_width\":\"auto\",\"filter_position\":\"top\",\"filter_style\":\"tab\",\"grid_column_gap\":\"large\",\"grid_default\":\"1\",\"grid_medium\":\"\",\"grid_row_gap\":\"large\",\"grid_small\":\"2\",\"icon_width\":\"36\",\"image_align\":\"left\",\"image_grid_breakpoint\":\"s\",\"image_grid_column_gap\":\"medium\",\"image_grid_row_gap\":\"small\",\"image_grid_width\":\"auto\",\"image_height\":\"36\",\"image_svg_color\":\"emphasis\",\"image_svg_inline\":true,\"image_width\":\"36\",\"item_animation\":true,\"link_style\":\"default\",\"link_text\":\"Read more\",\"margin\":\"large\",\"margin_remove_top\":false,\"meta_align\":\"below-title\",\"meta_element\":\"div\",\"meta_style\":\"text-meta\",\"parallax_easing\":\"1\",\"position\":\"relative\",\"position_z_index\":\"1\",\"show_content\":true,\"show_image\":true,\"show_link\":true,\"show_meta\":true,\"show_title\":true,\"text_align\":\"left\",\"text_align_breakpoint\":\"s\",\"text_align_fallback\":\"center\",\"title_align\":\"top\",\"title_element\":\"h3\",\"title_grid_breakpoint\":\"m\",\"title_grid_width\":\"1-2\",\"title_hover_style\":\"reset\",\"title_style\":\"h4\"},\"children\":[{\"type\":\"grid_item\",\"props\":{\"content\":\"Die Zufriedenheit unserer Patienten ist f\\u00fcr uns das Wichtigste \\u00fcberhaupt. Unser \\u00c4rzteteam steht Ihnen deshalb immer mit maximaler Diskretion und h\\u00f6chster Professionalit\\u00e4t zur Seite.\",\"icon\":\"star\",\"image\":\"\",\"title\":\"Freundliche und professionelle Behandlung\"}},{\"type\":\"grid_item\",\"props\":{\"content\":\"Bei unserem umfassenden Spektrum der Dermatologie, Allergologie und \\u00e4sthetischer Medizin nutzt unser Dermazentrum immer die neusten Untersuchungsverfahren und Therapiem\\u00f6glichkeiten.\",\"icon\":\"star\",\"image\":\"\",\"title\":\"Modernste dermatologische Behandlungsmethoden\"}},{\"type\":\"grid_item\",\"props\":{\"content\":\"In unserer modernen und gro\\u00dfz\\u00fcgigen OP-R\\u00e4umen k\\u00f6nnen wir s\\u00e4mtliche stationsersetzende operative Eingriffe selbst durchf\\u00fchren. Dadurch k\\u00f6nnen sich unsere Patienten nach der OP zuhause erholen.\",\"icon\":\"star\",\"image\":\"\",\"title\":\"Praxis mit eigener Operationsr\\u00e4umen\"}},{\"type\":\"grid_item\",\"props\":{\"content\":\"Zur Unterst\\u00fctzung bei Hautproblemen und Verbesserung des Hautbildes bieten wir Ihnen auch kosmetische Behandlungsma\\u00dfnahmen im nahliegenden Kosmetikstudio <a href=\\\"https:\\\/\\\/www.rietkoetter-cosmeticals.de\\\/\\\">Rietk\\u00f6tter Cosmeticals<\\\/a> an.\",\"icon\":\"star\",\"image\":\"\",\"title\":\"Unser eigenes <br \/>Kosmetikstudio\"}}]}]}],\"props\":{\"column_gap\":\"large\",\"layout\":\"1-3,2-3\",\"row_gap\":\"large\",\"width\":\"large\"}}],\"name\":\"Benefits\"},{\"type\":\"section\",\"props\":{\"class\":\"\",\"image_position\":\"center-center\",\"overlap\":false,\"padding\":\"small\",\"padding_remove_bottom\":false,\"padding_remove_top\":false,\"preserve_color\":false,\"style\":\"primary\",\"title_breakpoint\":\"xl\",\"title_position\":\"top-left\",\"title_rotation\":\"left\",\"vertical_align\":\"middle\",\"width\":\"default\"},\"children\":[{\"type\":\"row\",\"props\":{\"column_gap\":\"small\",\"layout\":\"3-4,1-4\"},\"children\":[{\"type\":\"column\",\"props\":{\"image_position\":\"center-center\",\"media_overlay_gradient\":\"\",\"position_sticky_breakpoint\":\"m\",\"width_medium\":\"3-4\"},\"children\":[{\"type\":\"headline\",\"props\":{\"content\":\"Wie k\\u00f6nnen wir Ihnen helfen?\",\"margin_remove_bottom\":true,\"margin_remove_top\":true,\"text_align\":\"left\",\"title_element\":\"h1\"}},{\"type\":\"headline\",\"props\":{\"content\":\"Wir bieten Ihnen ein breites Leistungsspektrum.\",\"margin\":\"small\",\"margin_remove_top\":false,\"title_element\":\"h3\",\"title_style\":\"h3\"}}]},{\"type\":\"column\",\"props\":{\"image_position\":\"center-center\",\"media_overlay_gradient\":\"\",\"position_sticky_breakpoint\":\"m\",\"vertical_align\":\"middle\",\"width_medium\":\"1-4\"},\"children\":[{\"type\":\"button\",\"props\":{\"class\":\"btn\",\"grid_column_gap\":\"small\",\"grid_row_gap\":\"small\",\"margin\":\"default\",\"text_align\":\"center\"},\"children\":[{\"type\":\"button_item\",\"props\":{\"button_style\":\"default\",\"content\":\"Terminbuchung\",\"icon_align\":\"left\",\"link\":\"https:\\\/\\\/www.doctolib.de\\\/gemeinschaftspraxis\\\/gelsenkirchen\\\/ueberoertliche-gemeinschaftspraxis-jost-kai-rietkoetter-robert-jablonka\"}}]}]}]}],\"name\":\"Call to action\"}],\"version\":\"3.0.23\"} --><\/p>\n","protected":false},"excerpt":{"rendered":"<p>UnserDerma&shy;zentrum Jost Rietk\u00f6tter Studium der Humanmedizin an der Philipps-Universit\u00e4t in Marburg und an der Universit\u00e4t zu K\u00f6ln Abschluss des Studiums der Humanmedizin 2003 2003-2007 in der Universit\u00e4tshautklinik Essen 2007-2008 als angestellter Arzt in der Hautarztpraxis Dr. med. Rietk\u00f6tter in Gelsenkirchen Seit 2008 Facharzt f\u00fcr Haut- und Geschlechtskrankheiten 2008-2011 als Partner in der Hautarztpraxis Dr. med. [&hellip;]<\/p>\n","protected":false},"author":1,"featured_media":0,"parent":0,"menu_order":0,"comment_status":"closed","ping_status":"closed","template":"","meta":{"footnotes":""},"class_list":["post-13","page","type-page","status-publish","hentry"],"yoast_head":"<!-- This site is optimized with the Yoast SEO plugin v28.3 - https:\/\/yoast.com\/product\/yoast-seo-wordpress\/ -->\n<title>\u00dcber uns - Ihr Hautarzt in Gelsenkirchen<\/title>\n<meta name=\"robots\" content=\"index, follow, max-snippet:-1, max-image-preview:large, max-video-preview:-1\" \/>\n<link rel=\"canonical\" href=\"https:\/\/aesthetikzentrum-gelsenkirchen.de\/?page_id=13\" \/>\n<meta property=\"og:locale\" content=\"de_DE\" \/>\n<meta property=\"og:type\" content=\"article\" \/>\n<meta property=\"og:title\" content=\"\u00dcber uns - Ihr Hautarzt in Gelsenkirchen\" \/>\n<meta property=\"og:description\" content=\"UnserDerma&shy;zentrum Jost Rietk\u00f6tter Studium der Humanmedizin an der Philipps-Universit\u00e4t in Marburg und an der Universit\u00e4t zu K\u00f6ln Abschluss des Studiums der Humanmedizin 2003 2003-2007 in der Universit\u00e4tshautklinik Essen 2007-2008 als angestellter Arzt in der Hautarztpraxis Dr. med. Rietk\u00f6tter in Gelsenkirchen Seit 2008 Facharzt f\u00fcr Haut- und Geschlechtskrankheiten 2008-2011 als Partner in der Hautarztpraxis Dr. med. [&hellip;]\" \/>\n<meta property=\"og:url\" content=\"https:\/\/aesthetikzentrum-gelsenkirchen.de\/?page_id=13\" \/>\n<meta property=\"og:site_name\" content=\"Ihr Hautarzt in Gelsenkirchen\" \/>\n<meta property=\"article:modified_time\" content=\"2023-02-02T16:49:39+00:00\" \/>\n<meta name=\"twitter:card\" content=\"summary_large_image\" \/>\n<meta name=\"twitter:label1\" content=\"Gesch\u00e4tzte Lesezeit\" \/>\n\t<meta name=\"twitter:data1\" content=\"2\u00a0Minuten\" \/>\n<script type=\"application\/ld+json\" class=\"yoast-schema-graph\">{\"@context\":\"https:\\\/\\\/schema.org\",\"@graph\":[{\"@type\":\"WebPage\",\"@id\":\"https:\\\/\\\/aesthetikzentrum-gelsenkirchen.de\\\/?page_id=13\",\"url\":\"https:\\\/\\\/aesthetikzentrum-gelsenkirchen.de\\\/?page_id=13\",\"name\":\"\u00dcber uns - Ihr Hautarzt in Gelsenkirchen\",\"isPartOf\":{\"@id\":\"https:\\\/\\\/aesthetikzentrum-gelsenkirchen.de\\\/#website\"},\"datePublished\":\"2020-03-23T13:53:33+00:00\",\"dateModified\":\"2023-02-02T16:49:39+00:00\",\"breadcrumb\":{\"@id\":\"https:\\\/\\\/aesthetikzentrum-gelsenkirchen.de\\\/?page_id=13#breadcrumb\"},\"inLanguage\":\"de\",\"potentialAction\":[{\"@type\":\"ReadAction\",\"target\":[\"https:\\\/\\\/aesthetikzentrum-gelsenkirchen.de\\\/?page_id=13\"]}]},{\"@type\":\"BreadcrumbList\",\"@id\":\"https:\\\/\\\/aesthetikzentrum-gelsenkirchen.de\\\/?page_id=13#breadcrumb\",\"itemListElement\":[{\"@type\":\"ListItem\",\"position\":1,\"name\":\"Startseite\",\"item\":\"https:\\\/\\\/aesthetikzentrum-gelsenkirchen.de\\\/\"},{\"@type\":\"ListItem\",\"position\":2,\"name\":\"\u00dcber uns\"}]},{\"@type\":\"WebSite\",\"@id\":\"https:\\\/\\\/aesthetikzentrum-gelsenkirchen.de\\\/#website\",\"url\":\"https:\\\/\\\/aesthetikzentrum-gelsenkirchen.de\\\/\",\"name\":\"Ihr Hautarzt in Gelsenkirchen\",\"description\":\"Dermazentrum Rietk\u00f6tter &amp; Jablonka\",\"potentialAction\":[{\"@type\":\"SearchAction\",\"target\":{\"@type\":\"EntryPoint\",\"urlTemplate\":\"https:\\\/\\\/aesthetikzentrum-gelsenkirchen.de\\\/?s={search_term_string}\"},\"query-input\":{\"@type\":\"PropertyValueSpecification\",\"valueRequired\":true,\"valueName\":\"search_term_string\"}}],\"inLanguage\":\"de\"}]}<\/script>\n<!-- \/ Yoast SEO plugin. -->","yoast_head_json":{"title":"\u00dcber uns - Ihr Hautarzt in Gelsenkirchen","robots":{"index":"index","follow":"follow","max-snippet":"max-snippet:-1","max-image-preview":"max-image-preview:large","max-video-preview":"max-video-preview:-1"},"canonical":"https:\/\/aesthetikzentrum-gelsenkirchen.de\/?page_id=13","og_locale":"de_DE","og_type":"article","og_title":"\u00dcber uns - Ihr Hautarzt in Gelsenkirchen","og_description":"UnserDerma&shy;zentrum Jost Rietk\u00f6tter Studium der Humanmedizin an der Philipps-Universit\u00e4t in Marburg und an der Universit\u00e4t zu K\u00f6ln Abschluss des Studiums der Humanmedizin 2003 2003-2007 in der Universit\u00e4tshautklinik Essen 2007-2008 als angestellter Arzt in der Hautarztpraxis Dr. med. Rietk\u00f6tter in Gelsenkirchen Seit 2008 Facharzt f\u00fcr Haut- und Geschlechtskrankheiten 2008-2011 als Partner in der Hautarztpraxis Dr. med. [&hellip;]","og_url":"https:\/\/aesthetikzentrum-gelsenkirchen.de\/?page_id=13","og_site_name":"Ihr Hautarzt in Gelsenkirchen","article_modified_time":"2023-02-02T16:49:39+00:00","twitter_card":"summary_large_image","twitter_misc":{"Gesch\u00e4tzte Lesezeit":"2\u00a0Minuten"},"schema":{"@context":"https:\/\/schema.org","@graph":[{"@type":"WebPage","@id":"https:\/\/aesthetikzentrum-gelsenkirchen.de\/?page_id=13","url":"https:\/\/aesthetikzentrum-gelsenkirchen.de\/?page_id=13","name":"\u00dcber uns - Ihr Hautarzt in Gelsenkirchen","isPartOf":{"@id":"https:\/\/aesthetikzentrum-gelsenkirchen.de\/#website"},"datePublished":"2020-03-23T13:53:33+00:00","dateModified":"2023-02-02T16:49:39+00:00","breadcrumb":{"@id":"https:\/\/aesthetikzentrum-gelsenkirchen.de\/?page_id=13#breadcrumb"},"inLanguage":"de","potentialAction":[{"@type":"ReadAction","target":["https:\/\/aesthetikzentrum-gelsenkirchen.de\/?page_id=13"]}]},{"@type":"BreadcrumbList","@id":"https:\/\/aesthetikzentrum-gelsenkirchen.de\/?page_id=13#breadcrumb","itemListElement":[{"@type":"ListItem","position":1,"name":"Startseite","item":"https:\/\/aesthetikzentrum-gelsenkirchen.de\/"},{"@type":"ListItem","position":2,"name":"\u00dcber uns"}]},{"@type":"WebSite","@id":"https:\/\/aesthetikzentrum-gelsenkirchen.de\/#website","url":"https:\/\/aesthetikzentrum-gelsenkirchen.de\/","name":"Ihr Hautarzt in Gelsenkirchen","description":"Dermazentrum Rietk\u00f6tter &amp; Jablonka","potentialAction":[{"@type":"SearchAction","target":{"@type":"EntryPoint","urlTemplate":"https:\/\/aesthetikzentrum-gelsenkirchen.de\/?s={search_term_string}"},"query-input":{"@type":"PropertyValueSpecification","valueRequired":true,"valueName":"search_term_string"}}],"inLanguage":"de"}]}},"_links":{"self":[{"href":"https:\/\/aesthetikzentrum-gelsenkirchen.de\/index.php?rest_route=\/wp\/v2\/pages\/13","targetHints":{"allow":["GET"]}}],"collection":[{"href":"https:\/\/aesthetikzentrum-gelsenkirchen.de\/index.php?rest_route=\/wp\/v2\/pages"}],"about":[{"href":"https:\/\/aesthetikzentrum-gelsenkirchen.de\/index.php?rest_route=\/wp\/v2\/types\/page"}],"author":[{"embeddable":true,"href":"https:\/\/aesthetikzentrum-gelsenkirchen.de\/index.php?rest_route=\/wp\/v2\/users\/1"}],"replies":[{"embeddable":true,"href":"https:\/\/aesthetikzentrum-gelsenkirchen.de\/index.php?rest_route=%2Fwp%2Fv2%2Fcomments&post=13"}],"version-history":[{"count":48,"href":"https:\/\/aesthetikzentrum-gelsenkirchen.de\/index.php?rest_route=\/wp\/v2\/pages\/13\/revisions"}],"predecessor-version":[{"id":747,"href":"https:\/\/aesthetikzentrum-gelsenkirchen.de\/index.php?rest_route=\/wp\/v2\/pages\/13\/revisions\/747"}],"wp:attachment":[{"href":"https:\/\/aesthetikzentrum-gelsenkirchen.de\/index.php?rest_route=%2Fwp%2Fv2%2Fmedia&parent=13"}],"curies":[{"name":"wp","href":"https:\/\/api.w.org\/{rel}","templated":true}]}}